{"id":975,"date":"2023-11-19T00:49:00","date_gmt":"2023-11-19T00:49:00","guid":{"rendered":"https:\/\/ieboyacapereira.edu.co\/?page_id=975"},"modified":"2025-08-05T16:56:02","modified_gmt":"2025-08-05T16:56:02","slug":"pastoral","status":"publish","type":"page","link":"https:\/\/ieboyacapereira.edu.co\/index.php\/pastoral\/","title":{"rendered":"PASTORAL EDUCATIVA"},"content":{"rendered":"\n<figure class=\"wp-block-image size-large\"><img loading=\"lazy\" decoding=\"async\" width=\"1024\" height=\"564\" src=\"https:\/\/ieboyacapereira.edu.co\/wp-content\/uploads\/2024\/12\/Imagen-de-WhatsApp-2024-12-06-a-las-12.47.06_f456f81e-1024x564.jpg\" alt=\"\" class=\"wp-image-1581\" srcset=\"https:\/\/ieboyacapereira.edu.co\/wp-content\/uploads\/2024\/12\/Imagen-de-WhatsApp-2024-12-06-a-las-12.47.06_f456f81e-1024x564.jpg 1024w, https:\/\/ieboyacapereira.edu.co\/wp-content\/uploads\/2024\/12\/Imagen-de-WhatsApp-2024-12-06-a-las-12.47.06_f456f81e-300x165.jpg 300w, https:\/\/ieboyacapereira.edu.co\/wp-content\/uploads\/2024\/12\/Imagen-de-WhatsApp-2024-12-06-a-las-12.47.06_f456f81e-768x423.jpg 768w, https:\/\/ieboyacapereira.edu.co\/wp-content\/uploads\/2024\/12\/Imagen-de-WhatsApp-2024-12-06-a-las-12.47.06_f456f81e.jpg 1280w\" sizes=\"auto, (max-width: 1024px) 100vw, 1024px\" \/><\/figure>\n\n\n\n<p>La alegr\u00eda y entusiasmo de los ni\u00f1os al realizar con sus manitos las manualidades que se realizan para profundizar la llegada del Ni\u00f1o Dios y que a la vez enriquecen con su creatividad su vida espiritual, familia. Lindos recuerdos de su infancia<\/p>\n\n\n\n<figure class=\"wp-block-image size-large\"><img loading=\"lazy\" decoding=\"async\" width=\"1024\" height=\"768\" src=\"https:\/\/ieboyacapereira.edu.co\/wp-content\/uploads\/2024\/12\/Imagen-de-WhatsApp-2024-11-21-a-las-17.01.48_b9026ec4-1024x768.jpg\" alt=\"\" class=\"wp-image-1555\" srcset=\"https:\/\/ieboyacapereira.edu.co\/wp-content\/uploads\/2024\/12\/Imagen-de-WhatsApp-2024-11-21-a-las-17.01.48_b9026ec4-1024x768.jpg 1024w, https:\/\/ieboyacapereira.edu.co\/wp-content\/uploads\/2024\/12\/Imagen-de-WhatsApp-2024-11-21-a-las-17.01.48_b9026ec4-300x225.jpg 300w, https:\/\/ieboyacapereira.edu.co\/wp-content\/uploads\/2024\/12\/Imagen-de-WhatsApp-2024-11-21-a-las-17.01.48_b9026ec4-768x576.jpg 768w, https:\/\/ieboyacapereira.edu.co\/wp-content\/uploads\/2024\/12\/Imagen-de-WhatsApp-2024-11-21-a-las-17.01.48_b9026ec4.jpg 1280w\" sizes=\"auto, (max-width: 1024px) 100vw, 1024px\" \/><\/figure>\n\n\n\n<figure class=\"wp-block-image size-full\"><img loading=\"lazy\" decoding=\"async\" width=\"964\" height=\"720\" src=\"https:\/\/ieboyacapereira.edu.co\/wp-content\/uploads\/2024\/12\/Captura-de-pantalla-2024-12-07-123558.png\" alt=\"\" class=\"wp-image-1575\" srcset=\"https:\/\/ieboyacapereira.edu.co\/wp-content\/uploads\/2024\/12\/Captura-de-pantalla-2024-12-07-123558.png 964w, https:\/\/ieboyacapereira.edu.co\/wp-content\/uploads\/2024\/12\/Captura-de-pantalla-2024-12-07-123558-300x224.png 300w, https:\/\/ieboyacapereira.edu.co\/wp-content\/uploads\/2024\/12\/Captura-de-pantalla-2024-12-07-123558-768x574.png 768w\" sizes=\"auto, (max-width: 964px) 100vw, 964px\" \/><\/figure>\n\n\n\n<p>La Instituci\u00f3n Educativa da inicio a la novena de preparaci\u00f3n para la venida del Ni\u00f1o Dios, distribuido los d\u00edas por cada grupo de estudiantes. Pedimos por tantas necesidades que tiene el mundo entero, por la paz de Colombia, por nuestra Comunidad Educativa Boyac\u00e1 de la ciudad de Pereira. Agradecemos a los Directores  de grupo por su excelente preparaci\u00f3n. Dios los bendiga<\/p>\n\n\n\n<div class=\"wp-block-group\"><div class=\"wp-block-group__inner-container is-layout-constrained wp-block-group-is-layout-constrained\">\n<figure class=\"wp-block-image size-full is-resized\"><img loading=\"lazy\" decoding=\"async\" width=\"476\" height=\"614\" src=\"https:\/\/ieboyacapereira.edu.co\/wp-content\/uploads\/2024\/12\/Captura-de-pantalla-2024-12-07-123318.png\" alt=\"\" class=\"wp-image-1576\" style=\"width:885px;height:auto\" srcset=\"https:\/\/ieboyacapereira.edu.co\/wp-content\/uploads\/2024\/12\/Captura-de-pantalla-2024-12-07-123318.png 476w, https:\/\/ieboyacapereira.edu.co\/wp-content\/uploads\/2024\/12\/Captura-de-pantalla-2024-12-07-123318-233x300.png 233w\" sizes=\"auto, (max-width: 476px) 100vw, 476px\" \/><\/figure>\n<\/div><\/div>\n\n\n\n<figure class=\"wp-block-image size-large\"><img loading=\"lazy\" decoding=\"async\" width=\"1024\" height=\"678\" src=\"https:\/\/ieboyacapereira.edu.co\/wp-content\/uploads\/2024\/12\/Captura-de-pantalla-2024-12-07-123233-1024x678.png\" alt=\"\" class=\"wp-image-1573\" srcset=\"https:\/\/ieboyacapereira.edu.co\/wp-content\/uploads\/2024\/12\/Captura-de-pantalla-2024-12-07-123233-1024x678.png 1024w, https:\/\/ieboyacapereira.edu.co\/wp-content\/uploads\/2024\/12\/Captura-de-pantalla-2024-12-07-123233-300x199.png 300w, https:\/\/ieboyacapereira.edu.co\/wp-content\/uploads\/2024\/12\/Captura-de-pantalla-2024-12-07-123233-768x509.png 768w, https:\/\/ieboyacapereira.edu.co\/wp-content\/uploads\/2024\/12\/Captura-de-pantalla-2024-12-07-123233.png 1129w\" sizes=\"auto, (max-width: 1024px) 100vw, 1024px\" \/><\/figure>\n\n\n\n<div class=\"wp-block-cover\"><span aria-hidden=\"true\" class=\"wp-block-cover__background has-background-dim\"><\/span><img loading=\"lazy\" decoding=\"async\" width=\"959\" height=\"749\" class=\"wp-block-cover__image-background wp-image-1571\" alt=\"\" src=\"https:\/\/ieboyacapereira.edu.co\/wp-content\/uploads\/2024\/12\/Captura-de-pantalla-2024-12-07-123738.png\" data-object-fit=\"cover\" srcset=\"https:\/\/ieboyacapereira.edu.co\/wp-content\/uploads\/2024\/12\/Captura-de-pantalla-2024-12-07-123738.png 959w, https:\/\/ieboyacapereira.edu.co\/wp-content\/uploads\/2024\/12\/Captura-de-pantalla-2024-12-07-123738-300x234.png 300w, https:\/\/ieboyacapereira.edu.co\/wp-content\/uploads\/2024\/12\/Captura-de-pantalla-2024-12-07-123738-768x600.png 768w\" sizes=\"auto, (max-width: 959px) 100vw, 959px\" \/><div class=\"wp-block-cover__inner-container is-layout-flow wp-block-cover-is-layout-flow\">\n<p class=\"has-text-align-center has-large-font-size\">Grupo de estudiantes que recibieron su Sacramento de la Confirmaci\u00f3n en la Catedral de Pereira<\/p>\n\n\n\n<p><\/p>\n<\/div><\/div>\n\n\n\n<p>La gratitud fortalece las conexiones humanas, expresamos nuestra gratitud por el apoyo recibido, que crean lazos m\u00e1s profundos y significativos espiritualmente en los corazones de nuestros estudiantes desde su primera infancia.<\/p>\n\n\n\n<figure class=\"wp-block-image size-full\"><img loading=\"lazy\" decoding=\"async\" width=\"945\" height=\"673\" src=\"https:\/\/ieboyacapereira.edu.co\/wp-content\/uploads\/2024\/12\/Captura-de-pantalla-2024-12-07-124617-1.png\" alt=\"\" class=\"wp-image-1579\" srcset=\"https:\/\/ieboyacapereira.edu.co\/wp-content\/uploads\/2024\/12\/Captura-de-pantalla-2024-12-07-124617-1.png 945w, https:\/\/ieboyacapereira.edu.co\/wp-content\/uploads\/2024\/12\/Captura-de-pantalla-2024-12-07-124617-1-300x214.png 300w, https:\/\/ieboyacapereira.edu.co\/wp-content\/uploads\/2024\/12\/Captura-de-pantalla-2024-12-07-124617-1-768x547.png 768w\" sizes=\"auto, (max-width: 945px) 100vw, 945px\" \/><\/figure>\n\n\n\n<figure class=\"wp-block-image size-full\"><img loading=\"lazy\" decoding=\"async\" width=\"966\" height=\"716\" src=\"https:\/\/ieboyacapereira.edu.co\/wp-content\/uploads\/2024\/12\/Captura-de-pantalla-2024-12-07-124117.png\" alt=\"\" class=\"wp-image-1570\" srcset=\"https:\/\/ieboyacapereira.edu.co\/wp-content\/uploads\/2024\/12\/Captura-de-pantalla-2024-12-07-124117.png 966w, https:\/\/ieboyacapereira.edu.co\/wp-content\/uploads\/2024\/12\/Captura-de-pantalla-2024-12-07-124117-300x222.png 300w, https:\/\/ieboyacapereira.edu.co\/wp-content\/uploads\/2024\/12\/Captura-de-pantalla-2024-12-07-124117-768x569.png 768w\" sizes=\"auto, (max-width: 966px) 100vw, 966px\" \/><\/figure>\n\n\n\n<div class=\"wp-block-cover\"><span aria-hidden=\"true\" class=\"wp-block-cover__background has-background-dim\"><\/span><img loading=\"lazy\" decoding=\"async\" width=\"949\" height=\"570\" class=\"wp-block-cover__image-background wp-image-1569\" alt=\"\" src=\"https:\/\/ieboyacapereira.edu.co\/wp-content\/uploads\/2024\/12\/Captura-de-pantalla-2024-12-07-124318.png\" data-object-fit=\"cover\" srcset=\"https:\/\/ieboyacapereira.edu.co\/wp-content\/uploads\/2024\/12\/Captura-de-pantalla-2024-12-07-124318.png 949w, https:\/\/ieboyacapereira.edu.co\/wp-content\/uploads\/2024\/12\/Captura-de-pantalla-2024-12-07-124318-300x180.png 300w, https:\/\/ieboyacapereira.edu.co\/wp-content\/uploads\/2024\/12\/Captura-de-pantalla-2024-12-07-124318-768x461.png 768w\" sizes=\"auto, (max-width: 949px) 100vw, 949px\" \/><div class=\"wp-block-cover__inner-container is-layout-flow wp-block-cover-is-layout-flow\">\n<p class=\"has-text-align-center has-large-font-size\">Dios les devuelva con muchas bendiciones<\/p>\n\n\n\n<p><\/p>\n<\/div><\/div>\n\n\n\n<div class=\"wp-block-cover\"><span aria-hidden=\"true\" class=\"wp-block-cover__background has-background-dim\"><\/span><img loading=\"lazy\" decoding=\"async\" width=\"947\" height=\"646\" class=\"wp-block-cover__image-background wp-image-1567\" alt=\"\" src=\"https:\/\/ieboyacapereira.edu.co\/wp-content\/uploads\/2024\/12\/Captura-de-pantalla-2024-12-07-124238.png\" data-object-fit=\"cover\" srcset=\"https:\/\/ieboyacapereira.edu.co\/wp-content\/uploads\/2024\/12\/Captura-de-pantalla-2024-12-07-124238.png 947w, https:\/\/ieboyacapereira.edu.co\/wp-content\/uploads\/2024\/12\/Captura-de-pantalla-2024-12-07-124238-300x205.png 300w, https:\/\/ieboyacapereira.edu.co\/wp-content\/uploads\/2024\/12\/Captura-de-pantalla-2024-12-07-124238-768x524.png 768w\" sizes=\"auto, (max-width: 947px) 100vw, 947px\" \/><div class=\"wp-block-cover__inner-container is-layout-flow wp-block-cover-is-layout-flow\">\n<p><\/p>\n\n\n\n<p class=\"has-text-align-center has-large-font-size\"><em>&#8216;Haz el bien sin mirar a qui\u00e9n<\/em>&#8216; y lo hicieron con amor generosamente. Que Dios las bendiga y muchas gracias grado quinto\u00a0<\/p>\n<\/div><\/div>\n\n\n\n<div class=\"wp-block-cover\"><span aria-hidden=\"true\" class=\"wp-block-cover__background has-background-dim\"><\/span><img loading=\"lazy\" decoding=\"async\" width=\"952\" height=\"722\" class=\"wp-block-cover__image-background wp-image-1566\" alt=\"\" src=\"https:\/\/ieboyacapereira.edu.co\/wp-content\/uploads\/2024\/12\/Captura-de-pantalla-2024-12-07-124221.png\" data-object-fit=\"cover\" srcset=\"https:\/\/ieboyacapereira.edu.co\/wp-content\/uploads\/2024\/12\/Captura-de-pantalla-2024-12-07-124221.png 952w, https:\/\/ieboyacapereira.edu.co\/wp-content\/uploads\/2024\/12\/Captura-de-pantalla-2024-12-07-124221-300x228.png 300w, https:\/\/ieboyacapereira.edu.co\/wp-content\/uploads\/2024\/12\/Captura-de-pantalla-2024-12-07-124221-768x582.png 768w\" sizes=\"auto, (max-width: 952px) 100vw, 952px\" \/><div class=\"wp-block-cover__inner-container is-layout-flow wp-block-cover-is-layout-flow\">\n<p><\/p>\n\n\n\n<p class=\"has-text-align-center has-large-font-size\">Celebraci\u00f3n Eucar\u00edstica en acci\u00f3n de gracias y colaboraci\u00f3n de los directores de grupo para ayudar a la jornada misionera concientizando a nuestros estudiantes aportando con la monedita misionera<\/p>\n\n\n\n<p><\/p>\n<\/div><\/div>\n\n\n\n<div class=\"wp-block-cover\" style=\"min-height:100vh;aspect-ratio:unset;\"><span aria-hidden=\"true\" class=\"wp-block-cover__background has-background-dim\"><\/span><img loading=\"lazy\" decoding=\"async\" width=\"908\" height=\"653\" class=\"wp-block-cover__image-background wp-image-1565\" alt=\"\" src=\"https:\/\/ieboyacapereira.edu.co\/wp-content\/uploads\/2024\/12\/Captura-de-pantalla-2024-12-07-124339.png\" data-object-fit=\"cover\" srcset=\"https:\/\/ieboyacapereira.edu.co\/wp-content\/uploads\/2024\/12\/Captura-de-pantalla-2024-12-07-124339.png 908w, https:\/\/ieboyacapereira.edu.co\/wp-content\/uploads\/2024\/12\/Captura-de-pantalla-2024-12-07-124339-300x216.png 300w, https:\/\/ieboyacapereira.edu.co\/wp-content\/uploads\/2024\/12\/Captura-de-pantalla-2024-12-07-124339-768x552.png 768w\" sizes=\"auto, (max-width: 908px) 100vw, 908px\" \/><div class=\"wp-block-cover__inner-container is-layout-flow wp-block-cover-is-layout-flow\">\n<p class=\"has-text-align-center has-large-font-size\">Homenaje a Nuestra Madre Fundadora Beata Mar\u00eda Berenice<\/p>\n<\/div><\/div>\n\n\n\n<div class=\"wp-block-cover\"><span aria-hidden=\"true\" class=\"wp-block-cover__background has-background-dim\"><\/span><img loading=\"lazy\" decoding=\"async\" width=\"1024\" height=\"768\" class=\"wp-block-cover__image-background wp-image-1552\" alt=\"\" src=\"https:\/\/ieboyacapereira.edu.co\/wp-content\/uploads\/2024\/12\/Imagen-de-WhatsApp-2024-11-14-a-las-17.53.17_23e998bb-1024x768.jpg\" data-object-fit=\"cover\" srcset=\"https:\/\/ieboyacapereira.edu.co\/wp-content\/uploads\/2024\/12\/Imagen-de-WhatsApp-2024-11-14-a-las-17.53.17_23e998bb-1024x768.jpg 1024w, https:\/\/ieboyacapereira.edu.co\/wp-content\/uploads\/2024\/12\/Imagen-de-WhatsApp-2024-11-14-a-las-17.53.17_23e998bb-300x225.jpg 300w, https:\/\/ieboyacapereira.edu.co\/wp-content\/uploads\/2024\/12\/Imagen-de-WhatsApp-2024-11-14-a-las-17.53.17_23e998bb-768x576.jpg 768w, https:\/\/ieboyacapereira.edu.co\/wp-content\/uploads\/2024\/12\/Imagen-de-WhatsApp-2024-11-14-a-las-17.53.17_23e998bb-1536x1152.jpg 1536w, https:\/\/ieboyacapereira.edu.co\/wp-content\/uploads\/2024\/12\/Imagen-de-WhatsApp-2024-11-14-a-las-17.53.17_23e998bb.jpg 1600w\" sizes=\"auto, (max-width: 1024px) 100vw, 1024px\" \/><div class=\"wp-block-cover__inner-container is-layout-flow wp-block-cover-is-layout-flow\">\n<p class=\"has-text-align-center has-large-font-size\">NOVENA DE NAVIDAD 2024<\/p>\n\n\n\n<p class=\"has-text-align-center\">Bienvenido seas mi Ni\u00f1o Adorado, bien venido seas a nuestro coraz\u00f3n<\/p>\n<\/div><\/div>\n\n\n\n<div class=\"wp-block-cover\"><span aria-hidden=\"true\" class=\"wp-block-cover__background has-background-dim\"><\/span><img loading=\"lazy\" decoding=\"async\" width=\"561\" height=\"584\" class=\"wp-block-cover__image-background wp-image-1563\" alt=\"\" src=\"https:\/\/ieboyacapereira.edu.co\/wp-content\/uploads\/2024\/12\/Captura-de-pantalla-2024-12-07-124443.png\" data-object-fit=\"cover\" srcset=\"https:\/\/ieboyacapereira.edu.co\/wp-content\/uploads\/2024\/12\/Captura-de-pantalla-2024-12-07-124443.png 561w, https:\/\/ieboyacapereira.edu.co\/wp-content\/uploads\/2024\/12\/Captura-de-pantalla-2024-12-07-124443-288x300.png 288w\" sizes=\"auto, (max-width: 561px) 100vw, 561px\" \/><div class=\"wp-block-cover__inner-container is-layout-flow wp-block-cover-is-layout-flow\">\n<h2 class=\"wp-block-heading has-text-align-center\">Celebraci\u00f3n de la Primera Confesi\u00f3n en Nuestra Parroquia de nuestra Se\u00f1ora de la Pobreza 2024<\/h2>\n<\/div><\/div>\n\n\n\n<figure class=\"wp-block-image size-full\"><img loading=\"lazy\" decoding=\"async\" width=\"927\" height=\"677\" src=\"https:\/\/ieboyacapereira.edu.co\/wp-content\/uploads\/2024\/12\/Captura-de-pantalla-2024-12-07-124558.png\" alt=\"\" class=\"wp-image-1562\" srcset=\"https:\/\/ieboyacapereira.edu.co\/wp-content\/uploads\/2024\/12\/Captura-de-pantalla-2024-12-07-124558.png 927w, https:\/\/ieboyacapereira.edu.co\/wp-content\/uploads\/2024\/12\/Captura-de-pantalla-2024-12-07-124558-300x219.png 300w, https:\/\/ieboyacapereira.edu.co\/wp-content\/uploads\/2024\/12\/Captura-de-pantalla-2024-12-07-124558-768x561.png 768w\" sizes=\"auto, (max-width: 927px) 100vw, 927px\" \/><\/figure>\n\n\n\n<figure class=\"wp-block-image size-full is-resized\"><img loading=\"lazy\" decoding=\"async\" width=\"605\" height=\"687\" src=\"https:\/\/ieboyacapereira.edu.co\/wp-content\/uploads\/2024\/12\/Captura-de-pantalla-2024-12-07-124425.png\" alt=\"\" class=\"wp-image-1559\" style=\"width:887px;height:auto\" srcset=\"https:\/\/ieboyacapereira.edu.co\/wp-content\/uploads\/2024\/12\/Captura-de-pantalla-2024-12-07-124425.png 605w, https:\/\/ieboyacapereira.edu.co\/wp-content\/uploads\/2024\/12\/Captura-de-pantalla-2024-12-07-124425-264x300.png 264w\" sizes=\"auto, (max-width: 605px) 100vw, 605px\" \/><\/figure>\n\n\n\n<p>Participaci\u00f3n del grupo de docentes en el encuentro de Laicos Anunciatos, realizado en la casa de retiros de las Hermanitas de la Anunciaci\u00f3n situada en Floridablanca &#8211; Bucaramanga, esperamos compartan experiencias y que Nuestra Se\u00f1ora de la Anunciaci\u00f3n hayan tocado su vida espiritual. <\/p>\n\n\n\n<figure class=\"wp-block-image size-large\"><img loading=\"lazy\" decoding=\"async\" width=\"1024\" height=\"597\" src=\"https:\/\/ieboyacapereira.edu.co\/wp-content\/uploads\/2024\/12\/Captura-de-pantalla-2024-12-07-133043-1024x597.png\" alt=\"\" class=\"wp-image-1557\" srcset=\"https:\/\/ieboyacapereira.edu.co\/wp-content\/uploads\/2024\/12\/Captura-de-pantalla-2024-12-07-133043-1024x597.png 1024w, https:\/\/ieboyacapereira.edu.co\/wp-content\/uploads\/2024\/12\/Captura-de-pantalla-2024-12-07-133043-300x175.png 300w, https:\/\/ieboyacapereira.edu.co\/wp-content\/uploads\/2024\/12\/Captura-de-pantalla-2024-12-07-133043-768x448.png 768w, https:\/\/ieboyacapereira.edu.co\/wp-content\/uploads\/2024\/12\/Captura-de-pantalla-2024-12-07-133043.png 1249w\" sizes=\"auto, (max-width: 1024px) 100vw, 1024px\" \/><\/figure>\n\n\n\n<h2 class=\"wp-block-heading has-text-align-center\">\u00abVen y Ver\u00e1s\u201d en nuestra casa, en nuestro cole. Es posible cumplir tus sue\u00f1os, lo que llevas dentro.<\/h2>\n\n\n\n<p>Toda vida tiene sentido cuando encuentra su camino y se realiza plenamente con el desarrollo de su vocaci\u00f3n.&nbsp;En nuestra Congregaci\u00f3n de Hermanitas de la Anunciaci\u00f3n, invitamos a nuestras j\u00f3venes a alentar sue\u00f1os, ideales, proyectos que las ayuden encontrar&nbsp;<strong>SU VOCACI\u00d3N<\/strong>. Por eso, esta invitaci\u00f3n del <strong>VEN y VER<\/strong>AS, queda abierta despu\u00e9s de este encuentro para quienes quieran hacer una experiencia y que Dios va sembrando y que mantiene el&nbsp;<strong>CORAZ\u00d3N<\/strong>&nbsp;inquieto y en constante b\u00fasqueda. <strong>Ven y ver\u00e1s \u00a1Tu sue\u00f1o es posible!<\/strong>&nbsp;te ayudaremos a&nbsp;<strong>so\u00f1ar con los ojos abiertos<\/strong>.<\/p>\n\n\n\n<figure class=\"wp-block-image size-full is-resized\"><img loading=\"lazy\" decoding=\"async\" width=\"494\" height=\"855\" src=\"https:\/\/ieboyacapereira.edu.co\/wp-content\/uploads\/2024\/09\/wwww.png\" alt=\"\" class=\"wp-image-1470\" style=\"width:890px;height:auto\" srcset=\"https:\/\/ieboyacapereira.edu.co\/wp-content\/uploads\/2024\/09\/wwww.png 494w, https:\/\/ieboyacapereira.edu.co\/wp-content\/uploads\/2024\/09\/wwww-173x300.png 173w\" sizes=\"auto, (max-width: 494px) 100vw, 494px\" \/><\/figure>\n\n\n\n<figure class=\"wp-block-image size-full is-resized\"><img loading=\"lazy\" decoding=\"async\" width=\"715\" height=\"667\" src=\"https:\/\/ieboyacapereira.edu.co\/wp-content\/uploads\/2024\/09\/aaaaaaaaaa.png\" alt=\"\" class=\"wp-image-1469\" style=\"width:890px;height:auto\" srcset=\"https:\/\/ieboyacapereira.edu.co\/wp-content\/uploads\/2024\/09\/aaaaaaaaaa.png 715w, https:\/\/ieboyacapereira.edu.co\/wp-content\/uploads\/2024\/09\/aaaaaaaaaa-300x280.png 300w\" sizes=\"auto, (max-width: 715px) 100vw, 715px\" \/><\/figure>\n\n\n\n<figure class=\"wp-block-image size-full\"><img loading=\"lazy\" decoding=\"async\" width=\"974\" height=\"598\" src=\"https:\/\/ieboyacapereira.edu.co\/wp-content\/uploads\/2024\/09\/77.png\" alt=\"\" class=\"wp-image-1466\" srcset=\"https:\/\/ieboyacapereira.edu.co\/wp-content\/uploads\/2024\/09\/77.png 974w, https:\/\/ieboyacapereira.edu.co\/wp-content\/uploads\/2024\/09\/77-300x184.png 300w, https:\/\/ieboyacapereira.edu.co\/wp-content\/uploads\/2024\/09\/77-768x472.png 768w\" sizes=\"auto, (max-width: 974px) 100vw, 974px\" \/><figcaption class=\"wp-element-caption\"><em>Dios nos alecciona claramente: se es persona desde la concepci\u00f3n.<strong>\u00a1Feliz d\u00eda de la Anunciaci\u00f3n!<\/strong> <strong>\u00a1Por Mar\u00eda entr\u00f3 la alegr\u00eda al mundo entero!<\/strong><\/em><\/figcaption><\/figure>\n\n\n\n<p>2024<\/p>\n\n\n\n<figure class=\"wp-block-image size-full\"><img loading=\"lazy\" decoding=\"async\" width=\"947\" height=\"510\" src=\"https:\/\/ieboyacapereira.edu.co\/wp-content\/uploads\/2024\/09\/777.png\" alt=\"\" class=\"wp-image-1465\" srcset=\"https:\/\/ieboyacapereira.edu.co\/wp-content\/uploads\/2024\/09\/777.png 947w, https:\/\/ieboyacapereira.edu.co\/wp-content\/uploads\/2024\/09\/777-300x162.png 300w, https:\/\/ieboyacapereira.edu.co\/wp-content\/uploads\/2024\/09\/777-768x414.png 768w\" sizes=\"auto, (max-width: 947px) 100vw, 947px\" \/><\/figure>\n\n\n\n<figure class=\"wp-block-video\"><video height=\"850\" style=\"aspect-ratio: 478 \/ 850;\" width=\"478\" controls src=\"https:\/\/ieboyacapereira.edu.co\/wp-content\/uploads\/2024\/09\/VID-20240408-WA0032.mp4\"><\/video><\/figure>\n\n\n\n<p>Los Afrocolombianos tienen un arma verdaderamente eficaz: \u00a1la sonrisa! Cuando un Afrocolombiano expresa sentimientos, nacen lluvias de colores, porque no existen las razas, la \u00fanica raza que existe es la humana. Sin duda alguna, ser Afro, es un s\u00edmbolo glorioso de grandeza nacional. Feliz d\u00eda a todas nuestras comunidades Afrocolombianas, en especial las de nuestra Instituci\u00f3n Educativa Boyac\u00e1, su aporte cultural y social, engrandece de orgullo la ciudad.<\/p>\n\n\n\n<figure class=\"wp-block-image size-full\"><img loading=\"lazy\" decoding=\"async\" width=\"564\" height=\"756\" src=\"https:\/\/ieboyacapereira.edu.co\/wp-content\/uploads\/2024\/09\/3.png\" alt=\"\" class=\"wp-image-1460\" srcset=\"https:\/\/ieboyacapereira.edu.co\/wp-content\/uploads\/2024\/09\/3.png 564w, https:\/\/ieboyacapereira.edu.co\/wp-content\/uploads\/2024\/09\/3-224x300.png 224w\" sizes=\"auto, (max-width: 564px) 100vw, 564px\" \/><\/figure>\n\n\n\n<figure class=\"wp-block-image size-full\"><img loading=\"lazy\" decoding=\"async\" width=\"565\" height=\"758\" src=\"https:\/\/ieboyacapereira.edu.co\/wp-content\/uploads\/2024\/09\/2.png\" alt=\"\" class=\"wp-image-1459\" srcset=\"https:\/\/ieboyacapereira.edu.co\/wp-content\/uploads\/2024\/09\/2.png 565w, https:\/\/ieboyacapereira.edu.co\/wp-content\/uploads\/2024\/09\/2-224x300.png 224w\" sizes=\"auto, (max-width: 565px) 100vw, 565px\" \/><\/figure>\n\n\n\n<figure class=\"wp-block-image size-full is-resized\"><img loading=\"lazy\" decoding=\"async\" width=\"970\" height=\"740\" src=\"https:\/\/ieboyacapereira.edu.co\/wp-content\/uploads\/2024\/09\/1.png\" alt=\"\" class=\"wp-image-1458\" style=\"width:890px;height:auto\" srcset=\"https:\/\/ieboyacapereira.edu.co\/wp-content\/uploads\/2024\/09\/1.png 970w, https:\/\/ieboyacapereira.edu.co\/wp-content\/uploads\/2024\/09\/1-300x229.png 300w, https:\/\/ieboyacapereira.edu.co\/wp-content\/uploads\/2024\/09\/1-768x586.png 768w\" sizes=\"auto, (max-width: 970px) 100vw, 970px\" \/><\/figure>\n\n\n\n<p>La Semana Santa es la manifestaci\u00f3n de Dios de que la vida es esencialmente Espiritual y Eterna porque Dios no reside en templos hechos de manos humanas, sino que vive en nosotros su obra maestra. Estudiantes del grado 4 &#8211; 4 participando en nuestra parroquia: Catedral de Pereira Nuestra Se\u00f1ora de la Pobreza.<\/p>\n\n\n\n<figure class=\"wp-block-image size-full is-resized\"><img loading=\"lazy\" decoding=\"async\" width=\"430\" height=\"808\" src=\"https:\/\/ieboyacapereira.edu.co\/wp-content\/uploads\/2024\/09\/OCHO.png\" alt=\"\" class=\"wp-image-1453\" style=\"width:890px;height:auto\" srcset=\"https:\/\/ieboyacapereira.edu.co\/wp-content\/uploads\/2024\/09\/OCHO.png 430w, https:\/\/ieboyacapereira.edu.co\/wp-content\/uploads\/2024\/09\/OCHO-160x300.png 160w\" sizes=\"auto, (max-width: 430px) 100vw, 430px\" \/><\/figure>\n\n\n\n<figure class=\"wp-block-image size-full is-resized\"><img loading=\"lazy\" decoding=\"async\" width=\"570\" height=\"634\" src=\"https:\/\/ieboyacapereira.edu.co\/wp-content\/uploads\/2024\/09\/dos.png\" alt=\"\" class=\"wp-image-1451\" style=\"width:890px;height:auto\" srcset=\"https:\/\/ieboyacapereira.edu.co\/wp-content\/uploads\/2024\/09\/dos.png 570w, https:\/\/ieboyacapereira.edu.co\/wp-content\/uploads\/2024\/09\/dos-270x300.png 270w\" sizes=\"auto, (max-width: 570px) 100vw, 570px\" \/><\/figure>\n\n\n\n<figure class=\"wp-block-image size-full is-resized\"><img loading=\"lazy\" decoding=\"async\" width=\"608\" height=\"673\" src=\"https:\/\/ieboyacapereira.edu.co\/wp-content\/uploads\/2024\/09\/SIETE.png\" alt=\"\" class=\"wp-image-1450\" style=\"width:890px;height:auto\" srcset=\"https:\/\/ieboyacapereira.edu.co\/wp-content\/uploads\/2024\/09\/SIETE.png 608w, https:\/\/ieboyacapereira.edu.co\/wp-content\/uploads\/2024\/09\/SIETE-271x300.png 271w\" sizes=\"auto, (max-width: 608px) 100vw, 608px\" \/><\/figure>\n\n\n\n<figure class=\"wp-block-image size-full\"><img loading=\"lazy\" decoding=\"async\" width=\"886\" height=\"665\" src=\"https:\/\/ieboyacapereira.edu.co\/wp-content\/uploads\/2024\/09\/SEIS.png\" alt=\"\" class=\"wp-image-1449\" srcset=\"https:\/\/ieboyacapereira.edu.co\/wp-content\/uploads\/2024\/09\/SEIS.png 886w, https:\/\/ieboyacapereira.edu.co\/wp-content\/uploads\/2024\/09\/SEIS-300x225.png 300w, https:\/\/ieboyacapereira.edu.co\/wp-content\/uploads\/2024\/09\/SEIS-768x576.png 768w\" sizes=\"auto, (max-width: 886px) 100vw, 886px\" \/><\/figure>\n\n\n\n<figure class=\"wp-block-image size-large\"><img loading=\"lazy\" decoding=\"async\" width=\"1024\" height=\"747\" src=\"https:\/\/ieboyacapereira.edu.co\/wp-content\/uploads\/2024\/09\/CINCO-1024x747.png\" alt=\"\" class=\"wp-image-1446\" srcset=\"https:\/\/ieboyacapereira.edu.co\/wp-content\/uploads\/2024\/09\/CINCO-1024x747.png 1024w, https:\/\/ieboyacapereira.edu.co\/wp-content\/uploads\/2024\/09\/CINCO-300x219.png 300w, https:\/\/ieboyacapereira.edu.co\/wp-content\/uploads\/2024\/09\/CINCO-768x560.png 768w, https:\/\/ieboyacapereira.edu.co\/wp-content\/uploads\/2024\/09\/CINCO.png 1064w\" sizes=\"auto, (max-width: 1024px) 100vw, 1024px\" \/><\/figure>\n\n\n\n<figure class=\"wp-block-image size-full is-resized\"><img loading=\"lazy\" decoding=\"async\" width=\"555\" height=\"601\" src=\"https:\/\/ieboyacapereira.edu.co\/wp-content\/uploads\/2024\/09\/Screenshot_3.png\" alt=\"\" class=\"wp-image-1443\" style=\"width:890px;height:auto\" srcset=\"https:\/\/ieboyacapereira.edu.co\/wp-content\/uploads\/2024\/09\/Screenshot_3.png 555w, https:\/\/ieboyacapereira.edu.co\/wp-content\/uploads\/2024\/09\/Screenshot_3-277x300.png 277w\" sizes=\"auto, (max-width: 555px) 100vw, 555px\" \/><\/figure>\n\n\n\n<figure class=\"wp-block-image size-full is-resized\"><img loading=\"lazy\" decoding=\"async\" width=\"874\" height=\"438\" src=\"https:\/\/ieboyacapereira.edu.co\/wp-content\/uploads\/2024\/09\/Screenshot_2.png\" alt=\"\" class=\"wp-image-1442\" style=\"width:889px;height:auto\" srcset=\"https:\/\/ieboyacapereira.edu.co\/wp-content\/uploads\/2024\/09\/Screenshot_2.png 874w, https:\/\/ieboyacapereira.edu.co\/wp-content\/uploads\/2024\/09\/Screenshot_2-300x150.png 300w, https:\/\/ieboyacapereira.edu.co\/wp-content\/uploads\/2024\/09\/Screenshot_2-768x385.png 768w, https:\/\/ieboyacapereira.edu.co\/wp-content\/uploads\/2024\/09\/Screenshot_2-420x210.png 420w\" sizes=\"auto, (max-width: 874px) 100vw, 874px\" \/><\/figure>\n\n\n\n<div class=\"wp-block-cover\"><span aria-hidden=\"true\" class=\"wp-block-cover__background has-background-dim\"><\/span><img loading=\"lazy\" decoding=\"async\" width=\"1024\" height=\"694\" class=\"wp-block-cover__image-background wp-image-1436\" alt=\"\" src=\"https:\/\/ieboyacapereira.edu.co\/wp-content\/uploads\/2024\/09\/IMG-20240319-WA0071-1024x694.jpg\" data-object-fit=\"cover\" srcset=\"https:\/\/ieboyacapereira.edu.co\/wp-content\/uploads\/2024\/09\/IMG-20240319-WA0071-1024x694.jpg 1024w, https:\/\/ieboyacapereira.edu.co\/wp-content\/uploads\/2024\/09\/IMG-20240319-WA0071-300x203.jpg 300w, https:\/\/ieboyacapereira.edu.co\/wp-content\/uploads\/2024\/09\/IMG-20240319-WA0071-768x520.jpg 768w, https:\/\/ieboyacapereira.edu.co\/wp-content\/uploads\/2024\/09\/IMG-20240319-WA0071-1536x1041.jpg 1536w, https:\/\/ieboyacapereira.edu.co\/wp-content\/uploads\/2024\/09\/IMG-20240319-WA0071.jpg 1600w\" sizes=\"auto, (max-width: 1024px) 100vw, 1024px\" \/><div class=\"wp-block-cover__inner-container is-layout-flow wp-block-cover-is-layout-flow\">\n<p class=\"has-text-align-center has-large-font-size\">Estudiantes despu\u00e9s de una Eucar\u00edstica celebrada por el padre Walter Jul\u00edan, en homenaje a nuestro Buen Padre San Jos\u00e9, los ni\u00f1os y docentes varones, recibieron un detalle por parte de la Comunidad Educativa Boyac\u00e1 y felicitamos a cada uno por la labor que realizan dentro de la sociedad, que nuestro Buen Patrono bendiga a cada uno de ellos. Felicitaciones.<\/p>\n<\/div><\/div>\n\n\n\n<figure class=\"wp-block-image size-large is-resized\"><img loading=\"lazy\" decoding=\"async\" width=\"768\" height=\"1024\" src=\"https:\/\/ieboyacapereira.edu.co\/wp-content\/uploads\/2024\/09\/IMG-20240319-WA0070-768x1024.jpg\" alt=\"\" class=\"wp-image-1430\" style=\"width:890px;height:auto\" srcset=\"https:\/\/ieboyacapereira.edu.co\/wp-content\/uploads\/2024\/09\/IMG-20240319-WA0070-768x1024.jpg 768w, https:\/\/ieboyacapereira.edu.co\/wp-content\/uploads\/2024\/09\/IMG-20240319-WA0070-225x300.jpg 225w, https:\/\/ieboyacapereira.edu.co\/wp-content\/uploads\/2024\/09\/IMG-20240319-WA0070-1152x1536.jpg 1152w, https:\/\/ieboyacapereira.edu.co\/wp-content\/uploads\/2024\/09\/IMG-20240319-WA0070.jpg 1200w\" sizes=\"auto, (max-width: 768px) 100vw, 768px\" \/><\/figure>\n\n\n\n<p>Agradecimiento al Equipo de Animaci\u00f3n Pastoral por su acompa\u00f1amiento en todas las actividades espirituales que nos ayudaron a enriquecer nuestros valores Anunciatos. Dios bendiga a cada uno de ustedes.<\/p>\n\n\n\n<figure class=\"wp-block-image size-large is-resized\"><img loading=\"lazy\" decoding=\"async\" width=\"1024\" height=\"456\" src=\"https:\/\/ieboyacapereira.edu.co\/wp-content\/uploads\/2024\/09\/seis-1024x456.jpg\" alt=\"\" class=\"wp-image-1426\" style=\"width:890px;height:auto\" srcset=\"https:\/\/ieboyacapereira.edu.co\/wp-content\/uploads\/2024\/09\/seis-1024x456.jpg 1024w, https:\/\/ieboyacapereira.edu.co\/wp-content\/uploads\/2024\/09\/seis-300x134.jpg 300w, https:\/\/ieboyacapereira.edu.co\/wp-content\/uploads\/2024\/09\/seis-768x342.jpg 768w, https:\/\/ieboyacapereira.edu.co\/wp-content\/uploads\/2024\/09\/seis.jpg 1080w\" sizes=\"auto, (max-width: 1024px) 100vw, 1024px\" \/><\/figure>\n\n\n\n<figure class=\"wp-block-image size-full\"><img loading=\"lazy\" decoding=\"async\" width=\"564\" height=\"752\" src=\"https:\/\/ieboyacapereira.edu.co\/wp-content\/uploads\/2024\/02\/1.-ANGEL.png\" alt=\"\" class=\"wp-image-1174\" srcset=\"https:\/\/ieboyacapereira.edu.co\/wp-content\/uploads\/2024\/02\/1.-ANGEL.png 564w, https:\/\/ieboyacapereira.edu.co\/wp-content\/uploads\/2024\/02\/1.-ANGEL-225x300.png 225w\" sizes=\"auto, (max-width: 564px) 100vw, 564px\" \/><\/figure>\n\n\n\n<div class=\"wp-block-media-text alignwide is-stacked-on-mobile\"><figure class=\"wp-block-media-text__media\"><video controls src=\"https:\/\/ieboyacapereira.edu.co\/wp-content\/uploads\/2023\/11\/WhatsApp-Video-2023-11-21-at-2.06.59-PM-4.mp4\"><\/video><\/figure><div class=\"wp-block-media-text__content\">\n<p><\/p>\n<\/div><\/div>\n\n\n\n<div class=\"wp-block-media-text alignwide is-stacked-on-mobile\"><figure class=\"wp-block-media-text__media\"><img loading=\"lazy\" decoding=\"async\" width=\"1024\" height=\"473\" src=\"https:\/\/ieboyacapereira.edu.co\/wp-content\/uploads\/2023\/11\/WhatsApp-Image-2023-11-21-at-3.21.19-PM-1024x473.jpeg\" alt=\"\" class=\"wp-image-1015 size-full\" srcset=\"https:\/\/ieboyacapereira.edu.co\/wp-content\/uploads\/2023\/11\/WhatsApp-Image-2023-11-21-at-3.21.19-PM-1024x473.jpeg 1024w, https:\/\/ieboyacapereira.edu.co\/wp-content\/uploads\/2023\/11\/WhatsApp-Image-2023-11-21-at-3.21.19-PM-300x139.jpeg 300w, https:\/\/ieboyacapereira.edu.co\/wp-content\/uploads\/2023\/11\/WhatsApp-Image-2023-11-21-at-3.21.19-PM-768x355.jpeg 768w, https:\/\/ieboyacapereira.edu.co\/wp-content\/uploads\/2023\/11\/WhatsApp-Image-2023-11-21-at-3.21.19-PM-1536x709.jpeg 1536w, https:\/\/ieboyacapereira.edu.co\/wp-content\/uploads\/2023\/11\/WhatsApp-Image-2023-11-21-at-3.21.19-PM.jpeg 1600w\" sizes=\"auto, (max-width: 1024px) 100vw, 1024px\" \/><\/figure><div class=\"wp-block-media-text__content\">\n<p><\/p>\n<\/div><\/div>\n\n\n\n<div class=\"wp-block-media-text alignwide is-stacked-on-mobile\"><figure class=\"wp-block-media-text__media\"><img loading=\"lazy\" decoding=\"async\" width=\"1024\" height=\"473\" src=\"https:\/\/ieboyacapereira.edu.co\/wp-content\/uploads\/2023\/11\/WhatsApp-Image-2023-11-21-at-3.23.22-PM-1024x473.jpeg\" alt=\"\" class=\"wp-image-1011 size-full\" srcset=\"https:\/\/ieboyacapereira.edu.co\/wp-content\/uploads\/2023\/11\/WhatsApp-Image-2023-11-21-at-3.23.22-PM-1024x473.jpeg 1024w, https:\/\/ieboyacapereira.edu.co\/wp-content\/uploads\/2023\/11\/WhatsApp-Image-2023-11-21-at-3.23.22-PM-300x139.jpeg 300w, https:\/\/ieboyacapereira.edu.co\/wp-content\/uploads\/2023\/11\/WhatsApp-Image-2023-11-21-at-3.23.22-PM-768x355.jpeg 768w, https:\/\/ieboyacapereira.edu.co\/wp-content\/uploads\/2023\/11\/WhatsApp-Image-2023-11-21-at-3.23.22-PM-1536x709.jpeg 1536w, https:\/\/ieboyacapereira.edu.co\/wp-content\/uploads\/2023\/11\/WhatsApp-Image-2023-11-21-at-3.23.22-PM.jpeg 1600w\" sizes=\"auto, (max-width: 1024px) 100vw, 1024px\" \/><\/figure><div class=\"wp-block-media-text__content\">\n<p><\/p>\n<\/div><\/div>\n\n\n\n<div class=\"wp-block-media-text alignwide is-stacked-on-mobile\"><figure class=\"wp-block-media-text__media\"><img loading=\"lazy\" decoding=\"async\" width=\"1024\" height=\"473\" src=\"https:\/\/ieboyacapereira.edu.co\/wp-content\/uploads\/2023\/11\/Doris-Gladis-SEM-1024x473.jpeg\" alt=\"\" class=\"wp-image-1020 size-full\" srcset=\"https:\/\/ieboyacapereira.edu.co\/wp-content\/uploads\/2023\/11\/Doris-Gladis-SEM-1024x473.jpeg 1024w, https:\/\/ieboyacapereira.edu.co\/wp-content\/uploads\/2023\/11\/Doris-Gladis-SEM-300x139.jpeg 300w, https:\/\/ieboyacapereira.edu.co\/wp-content\/uploads\/2023\/11\/Doris-Gladis-SEM-768x355.jpeg 768w, https:\/\/ieboyacapereira.edu.co\/wp-content\/uploads\/2023\/11\/Doris-Gladis-SEM-1536x709.jpeg 1536w, https:\/\/ieboyacapereira.edu.co\/wp-content\/uploads\/2023\/11\/Doris-Gladis-SEM.jpeg 1600w\" sizes=\"auto, (max-width: 1024px) 100vw, 1024px\" \/><\/figure><div class=\"wp-block-media-text__content\">\n<p><\/p>\n<\/div><\/div>\n\n\n\n<p>Hola<\/p>\n\n\n\n<figure class=\"wp-block-image size-large\"><img loading=\"lazy\" decoding=\"async\" width=\"1024\" height=\"759\" src=\"https:\/\/ieboyacapereira.edu.co\/wp-content\/uploads\/2023\/11\/Tarjeta-de-navidad-grupo-2-1024x759.jpeg\" alt=\"\" class=\"wp-image-991\" srcset=\"https:\/\/ieboyacapereira.edu.co\/wp-content\/uploads\/2023\/11\/Tarjeta-de-navidad-grupo-2-1024x759.jpeg 1024w, https:\/\/ieboyacapereira.edu.co\/wp-content\/uploads\/2023\/11\/Tarjeta-de-navidad-grupo-2-300x222.jpeg 300w, https:\/\/ieboyacapereira.edu.co\/wp-content\/uploads\/2023\/11\/Tarjeta-de-navidad-grupo-2-768x569.jpeg 768w, https:\/\/ieboyacapereira.edu.co\/wp-content\/uploads\/2023\/11\/Tarjeta-de-navidad-grupo-2.jpeg 1080w\" sizes=\"auto, (max-width: 1024px) 100vw, 1024px\" \/><\/figure>\n\n\n\n<figure class=\"wp-block-image size-large\"><img loading=\"lazy\" decoding=\"async\" width=\"1024\" height=\"768\" src=\"https:\/\/ieboyacapereira.edu.co\/wp-content\/uploads\/2023\/11\/Sacramento-del-Bautismo-2023-1024x768.jpeg\" alt=\"\" class=\"wp-image-992\" srcset=\"https:\/\/ieboyacapereira.edu.co\/wp-content\/uploads\/2023\/11\/Sacramento-del-Bautismo-2023-1024x768.jpeg 1024w, https:\/\/ieboyacapereira.edu.co\/wp-content\/uploads\/2023\/11\/Sacramento-del-Bautismo-2023-300x225.jpeg 300w, https:\/\/ieboyacapereira.edu.co\/wp-content\/uploads\/2023\/11\/Sacramento-del-Bautismo-2023-768x576.jpeg 768w, https:\/\/ieboyacapereira.edu.co\/wp-content\/uploads\/2023\/11\/Sacramento-del-Bautismo-2023.jpeg 1080w\" sizes=\"auto, (max-width: 1024px) 100vw, 1024px\" \/><\/figure>\n\n\n\n<figure class=\"wp-block-image size-large\"><img loading=\"lazy\" decoding=\"async\" width=\"767\" height=\"1024\" src=\"https:\/\/ieboyacapereira.edu.co\/wp-content\/uploads\/2023\/11\/Sacramento-del-Bautismo-2023-2-767x1024.jpeg\" alt=\"\" class=\"wp-image-993\" srcset=\"https:\/\/ieboyacapereira.edu.co\/wp-content\/uploads\/2023\/11\/Sacramento-del-Bautismo-2023-2-767x1024.jpeg 767w, https:\/\/ieboyacapereira.edu.co\/wp-content\/uploads\/2023\/11\/Sacramento-del-Bautismo-2023-2-225x300.jpeg 225w, https:\/\/ieboyacapereira.edu.co\/wp-content\/uploads\/2023\/11\/Sacramento-del-Bautismo-2023-2-768x1025.jpeg 768w, https:\/\/ieboyacapereira.edu.co\/wp-content\/uploads\/2023\/11\/Sacramento-del-Bautismo-2023-2.jpeg 959w\" sizes=\"auto, (max-width: 767px) 100vw, 767px\" \/><\/figure>\n\n\n\n<div class=\"wp-block-cover\"><span aria-hidden=\"true\" class=\"wp-block-cover__background has-background-dim\"><\/span><img loading=\"lazy\" decoding=\"async\" width=\"783\" height=\"1024\" class=\"wp-block-cover__image-background wp-image-994\" alt=\"\" src=\"https:\/\/ieboyacapereira.edu.co\/wp-content\/uploads\/2023\/11\/Ganadores-de-la-solidaridad-monedita-misionera-783x1024.jpeg\" data-object-fit=\"cover\" srcset=\"https:\/\/ieboyacapereira.edu.co\/wp-content\/uploads\/2023\/11\/Ganadores-de-la-solidaridad-monedita-misionera-783x1024.jpeg 783w, https:\/\/ieboyacapereira.edu.co\/wp-content\/uploads\/2023\/11\/Ganadores-de-la-solidaridad-monedita-misionera-229x300.jpeg 229w, https:\/\/ieboyacapereira.edu.co\/wp-content\/uploads\/2023\/11\/Ganadores-de-la-solidaridad-monedita-misionera-768x1004.jpeg 768w, https:\/\/ieboyacapereira.edu.co\/wp-content\/uploads\/2023\/11\/Ganadores-de-la-solidaridad-monedita-misionera.jpeg 979w\" sizes=\"auto, (max-width: 783px) 100vw, 783px\" \/><div class=\"wp-block-cover__inner-container is-layout-flow wp-block-cover-is-layout-flow\">\n<p>Ganadores de la solidaridad por las misiones<\/p>\n\n\n\n<p><\/p>\n\n\n\n<p><\/p>\n\n\n\n<p><\/p>\n\n\n\n<p><\/p>\n\n\n\n<p><\/p>\n\n\n\n<p class=\"has-text-align-center has-large-font-size\">Felicitaciones Profesora M\u00f3nica Izquierdo<\/p>\n\n\n\n<p>primer puesto<\/p>\n<\/div><\/div>\n\n\n\n<div class=\"wp-block-cover\"><span aria-hidden=\"true\" class=\"wp-block-cover__background has-background-dim\"><\/span><img loading=\"lazy\" decoding=\"async\" width=\"1024\" height=\"768\" class=\"wp-block-cover__image-background wp-image-995\" alt=\"\" src=\"https:\/\/ieboyacapereira.edu.co\/wp-content\/uploads\/2023\/11\/WhatsApp-Image-2023-11-18-at-6.24.44-PM-1024x768.jpeg\" data-object-fit=\"cover\" srcset=\"https:\/\/ieboyacapereira.edu.co\/wp-content\/uploads\/2023\/11\/WhatsApp-Image-2023-11-18-at-6.24.44-PM-1024x768.jpeg 1024w, https:\/\/ieboyacapereira.edu.co\/wp-content\/uploads\/2023\/11\/WhatsApp-Image-2023-11-18-at-6.24.44-PM-300x225.jpeg 300w, https:\/\/ieboyacapereira.edu.co\/wp-content\/uploads\/2023\/11\/WhatsApp-Image-2023-11-18-at-6.24.44-PM-768x576.jpeg 768w, https:\/\/ieboyacapereira.edu.co\/wp-content\/uploads\/2023\/11\/WhatsApp-Image-2023-11-18-at-6.24.44-PM-1536x1153.jpeg 1536w, https:\/\/ieboyacapereira.edu.co\/wp-content\/uploads\/2023\/11\/WhatsApp-Image-2023-11-18-at-6.24.44-PM.jpeg 1599w\" sizes=\"auto, (max-width: 1024px) 100vw, 1024px\" \/><div class=\"wp-block-cover__inner-container is-layout-flow wp-block-cover-is-layout-flow\">\n<p><\/p>\n\n\n\n<p><\/p>\n\n\n\n<p><\/p>\n\n\n\n<p><\/p>\n\n\n\n<p><\/p>\n\n\n\n<p><\/p>\n\n\n\n<p><\/p>\n\n\n\n<p><\/p>\n\n\n\n<p><\/p>\n\n\n\n<p class=\"has-text-align-center has-large-font-size\">Eucarist\u00eda por las Misiones<\/p>\n<\/div><\/div>\n\n\n\n<div class=\"wp-block-media-text alignwide is-stacked-on-mobile\"><figure class=\"wp-block-media-text__media\"><img loading=\"lazy\" decoding=\"async\" width=\"1024\" height=\"762\" src=\"https:\/\/ieboyacapereira.edu.co\/wp-content\/uploads\/2023\/11\/WhatsApp-Image-2023-11-17-at-2.38.28-PM-1024x762.jpeg\" alt=\"\" class=\"wp-image-952 size-full\" srcset=\"https:\/\/ieboyacapereira.edu.co\/wp-content\/uploads\/2023\/11\/WhatsApp-Image-2023-11-17-at-2.38.28-PM-1024x762.jpeg 1024w, https:\/\/ieboyacapereira.edu.co\/wp-content\/uploads\/2023\/11\/WhatsApp-Image-2023-11-17-at-2.38.28-PM-300x223.jpeg 300w, https:\/\/ieboyacapereira.edu.co\/wp-content\/uploads\/2023\/11\/WhatsApp-Image-2023-11-17-at-2.38.28-PM-768x572.jpeg 768w, https:\/\/ieboyacapereira.edu.co\/wp-content\/uploads\/2023\/11\/WhatsApp-Image-2023-11-17-at-2.38.28-PM.jpeg 1080w\" sizes=\"auto, (max-width: 1024px) 100vw, 1024px\" \/><\/figure><div class=\"wp-block-media-text__content\">\n<p><\/p>\n<\/div><\/div>\n\n\n\n<figure class=\"wp-block-image size-large\"><img loading=\"lazy\" decoding=\"async\" width=\"1024\" height=\"768\" src=\"https:\/\/ieboyacapereira.edu.co\/wp-content\/uploads\/2023\/11\/WhatsApp-Image-2023-11-18-at-6.21.55-PM-1024x768.jpeg\" alt=\"\" class=\"wp-image-996\" srcset=\"https:\/\/ieboyacapereira.edu.co\/wp-content\/uploads\/2023\/11\/WhatsApp-Image-2023-11-18-at-6.21.55-PM-1024x768.jpeg 1024w, https:\/\/ieboyacapereira.edu.co\/wp-content\/uploads\/2023\/11\/WhatsApp-Image-2023-11-18-at-6.21.55-PM-300x225.jpeg 300w, https:\/\/ieboyacapereira.edu.co\/wp-content\/uploads\/2023\/11\/WhatsApp-Image-2023-11-18-at-6.21.55-PM-768x576.jpeg 768w, https:\/\/ieboyacapereira.edu.co\/wp-content\/uploads\/2023\/11\/WhatsApp-Image-2023-11-18-at-6.21.55-PM-1536x1153.jpeg 1536w, https:\/\/ieboyacapereira.edu.co\/wp-content\/uploads\/2023\/11\/WhatsApp-Image-2023-11-18-at-6.21.55-PM.jpeg 1599w\" sizes=\"auto, (max-width: 1024px) 100vw, 1024px\" \/><\/figure>\n\n\n<a href=\"https:\/\/ieboyacapereira.edu.co\/wp-content\/uploads\/2023\/11\/RETIRO-DE-CONVIVENCIA-SEXTO-1.pdf\" class=\"pdfemb-viewer\" style=\"\" data-width=\"max\" data-height=\"max\" data-toolbar=\"bottom\" data-toolbar-fixed=\"off\">RETIRO-DE-CONVIVENCIA-SEXTO-1<\/a>\n<p class=\"wp-block-pdfemb-pdf-embedder-viewer\"><\/p>\n\n\n<a href=\"https:\/\/ieboyacapereira.edu.co\/wp-content\/uploads\/2023\/11\/PASTORAL-EDUCATIVA-2023-2.pdf\" class=\"pdfemb-viewer\" style=\"\" data-width=\"max\" data-height=\"max\" data-toolbar=\"bottom\" data-toolbar-fixed=\"off\">PASTORAL-EDUCATIVA-2023-2<\/a>\n<p class=\"wp-block-pdfemb-pdf-embedder-viewer\"><\/p>\n\n\n\n<p><\/p>\n","protected":false},"excerpt":{"rendered":"<p>La alegr\u00eda y entusiasmo de los ni\u00f1os al realizar con sus manitos las manualidades que se realizan para profundizar la llegada del Ni\u00f1o Dios y que a la vez enriquecen con su creatividad su vida espiritual, familia. Lindos recuerdos de su infancia La Instituci\u00f3n Educativa da inicio a la novena de preparaci\u00f3n para la venida del Ni\u00f1o Dios, distribuido los<\/p>\n","protected":false},"author":1,"featured_media":0,"parent":0,"menu_order":1,"comment_status":"closed","ping_status":"closed","template":"","meta":{"footnotes":""},"class_list":["post-975","page","type-page","status-publish","hentry"],"_links":{"self":[{"href":"https:\/\/ieboyacapereira.edu.co\/index.php\/wp-json\/wp\/v2\/pages\/975","targetHints":{"allow":["GET"]}}],"collection":[{"href":"https:\/\/ieboyacapereira.edu.co\/index.php\/wp-json\/wp\/v2\/pages"}],"about":[{"href":"https:\/\/ieboyacapereira.edu.co\/index.php\/wp-json\/wp\/v2\/types\/page"}],"author":[{"embeddable":true,"href":"https:\/\/ieboyacapereira.edu.co\/index.php\/wp-json\/wp\/v2\/users\/1"}],"replies":[{"embeddable":true,"href":"https:\/\/ieboyacapereira.edu.co\/index.php\/wp-json\/wp\/v2\/comments?post=975"}],"version-history":[{"count":32,"href":"https:\/\/ieboyacapereira.edu.co\/index.php\/wp-json\/wp\/v2\/pages\/975\/revisions"}],"predecessor-version":[{"id":1772,"href":"https:\/\/ieboyacapereira.edu.co\/index.php\/wp-json\/wp\/v2\/pages\/975\/revisions\/1772"}],"wp:attachment":[{"href":"https:\/\/ieboyacapereira.edu.co\/index.php\/wp-json\/wp\/v2\/media?parent=975"}],"curies":[{"name":"wp","href":"https:\/\/api.w.org\/{rel}","templated":true}]}}